{"id":10495,"date":"2025-07-11T17:56:39","date_gmt":"2025-07-11T16:56:39","guid":{"rendered":"https:\/\/www.valencinpierre.fr\/?page_id=10495"},"modified":"2025-07-19T16:21:05","modified_gmt":"2025-07-19T15:21:05","slug":"inscriptions","status":"publish","type":"page","link":"https:\/\/www.valencinpierre.fr\/index.php\/inscriptions\/","title":{"rendered":"Inscriptions"},"content":{"rendered":"\n<p>Les inscriptions peuvent se faire en ligne depuis <a href=\"https:\/\/www.helloasso.com\/associations\/valenc-in-pierre-tennis-de-table\/adhesions\/2025-26\" target=\"_blank\" rel=\"noreferrer noopener\">HelloAsso<\/a>.<\/p>\n\n\n\n<p>En compl\u00e9ment, il est n\u00e9cessaire de t\u00e9l\u00e9charger, imprimer, renseigner et rapporter la partie attestation du document suivant :<\/p>\n\n\n\n<ul class=\"wp-block-list\">\n<li>pour les 18 ans et + : <a href=\"https:\/\/www.valencinpierre.fr\/wp-content\/uploads\/2025\/07\/25-10-1-autoquestionnaire-medical-majeur.pdf\" target=\"_blank\" rel=\"noreferrer noopener\">autoquestionnaire pour majeurs<\/a><\/li>\n\n\n\n<li>pour les moins de 18 ans : <a href=\"https:\/\/www.valencinpierre.fr\/wp-content\/uploads\/2025\/07\/25-10-2-autoquestionnaire-medical-mineur.pdf\" target=\"_blank\" rel=\"noreferrer noopener\">autoquestionnaire pour mineurs<\/a><\/li>\n<\/ul>\n\n\n\n<p>Pour les 40 ans et + qui n&rsquo;ont pas un certificat m\u00e9dical de non contrindication de moins de 5 ans et pour tous ceux qui ont coch\u00e9 OUI sur un des deux auto-questionnaires pr\u00e9c\u00e9dents (\u00e0 faire remplir par un m\u00e9decin) : <a href=\"https:\/\/www.valencinpierre.fr\/wp-content\/uploads\/2025\/07\/25-9-certificat.pdf\" target=\"_blank\" rel=\"noreferrer noopener\">mod\u00e8le de certificat m\u00e9dical de non contrindication<\/a>.<\/p>\n\n\n\n<p>Il est \u00e9galement possible de s&rsquo;inscrire au forum des associations le 6 septembre, \u00e0 Toussieu, \u00e0 St Pierre de Chandieu (le matin) et \u00e0 Valencin (l&rsquo;apr\u00e8s midi).<\/p>\n\n\n\n<figure class=\"wp-block-pullquote\"><blockquote><p>Les informations principales concernant la saison prochaine sont <a href=\"https:\/\/www.valencinpierre.fr\/wp-content\/uploads\/2025\/07\/infos-principales-2025-26.pdf\">ici<\/a>.<br>Le calendrier de la saison est <a href=\"https:\/\/www.valencinpierre.fr\/wp-content\/uploads\/2025\/07\/Calendrier-2026.pdf\">l\u00e0<\/a>.<br><\/p><\/blockquote><\/figure>\n\n\n<div class=\"wp-block-image\">\n<figure class=\"aligncenter size-full\"><a href=\"https:\/\/www.helloasso.com\/associations\/valenc-in-pierre-tennis-de-table\/adhesions\/2025-26\" target=\"_blank\" rel=\" noreferrer noopener\"><img loading=\"lazy\" decoding=\"async\" width=\"299\" height=\"222\" src=\"https:\/\/www.valencinpierre.fr\/wp-content\/uploads\/2025\/07\/Inscriptions.png\" alt=\"Inscriptions\" class=\"wp-image-10530\"\/><\/a><figcaption class=\"wp-element-caption\">Inscriptions<\/figcaption><\/figure>\n<\/div>","protected":false},"excerpt":{"rendered":"<p>Les inscriptions peuvent se faire en ligne depuis HelloAsso. En compl\u00e9ment, il est n\u00e9cessaire de t\u00e9l\u00e9charger, imprimer, renseigner et rapporter la partie attestation du document suivant : Pour les 40 ans et<a class=\"moretag\" href=\"https:\/\/www.valencinpierre.fr\/index.php\/inscriptions\/\">Read More&#8230;<\/a><\/p>\n","protected":false},"author":1,"featured_media":0,"parent":0,"menu_order":0,"comment_status":"closed","ping_status":"closed","template":"","meta":{"footnotes":""},"class_list":["post-10495","page","type-page","status-publish","hentry"],"_links":{"self":[{"href":"https:\/\/www.valencinpierre.fr\/index.php\/wp-json\/wp\/v2\/pages\/10495","targetHints":{"allow":["GET"]}}],"collection":[{"href":"https:\/\/www.valencinpierre.fr\/index.php\/wp-json\/wp\/v2\/pages"}],"about":[{"href":"https:\/\/www.valencinpierre.fr\/index.php\/wp-json\/wp\/v2\/types\/page"}],"author":[{"embeddable":true,"href":"https:\/\/www.valencinpierre.fr\/index.php\/wp-json\/wp\/v2\/users\/1"}],"replies":[{"embeddable":true,"href":"https:\/\/www.valencinpierre.fr\/index.php\/wp-json\/wp\/v2\/comments?post=10495"}],"version-history":[{"count":13,"href":"https:\/\/www.valencinpierre.fr\/index.php\/wp-json\/wp\/v2\/pages\/10495\/revisions"}],"predecessor-version":[{"id":10531,"href":"https:\/\/www.valencinpierre.fr\/index.php\/wp-json\/wp\/v2\/pages\/10495\/revisions\/10531"}],"wp:attachment":[{"href":"https:\/\/www.valencinpierre.fr\/index.php\/wp-json\/wp\/v2\/media?parent=10495"}],"curies":[{"name":"wp","href":"https:\/\/api.w.org\/{rel}","templated":true}]}}